{"id":216,"date":"2017-07-14T22:35:52","date_gmt":"2017-07-14T20:35:52","guid":{"rendered":"http:\/\/spolek-bilka.cz\/?page_id=216"},"modified":"2022-01-14T18:10:08","modified_gmt":"2022-01-14T17:10:08","slug":"216-2","status":"publish","type":"page","link":"https:\/\/spolek-bilka.cz\/uvod\/216-2\/","title":{"rendered":"Kaple sv. V\u00e1clava"},"content":{"rendered":"<p>&nbsp;<\/p>\n<p><img loading=\"lazy\" decoding=\"async\" class=\"size-medium wp-image-208 alignright\" src=\"http:\/\/spolek-bilka.cz\/wp-content\/uploads\/2017\/07\/DSCN1924-1-169x300.jpg\" alt=\"\" width=\"169\" height=\"300\"><\/p>\n<p>V&nbsp;roce 1639 byla vystav\u011bna kapli\u010dka, zasv\u011bcen\u00e1 sv. V\u00e1clavu. Nevydr\u017eela v\u0161ak ani 100 let. V&nbsp;roce 1736 byla tak t\u011b\u017ece po\u0161kozena, \u017ee musela b\u00fdt nahrazena novou obecn\u00ed kapl\u00ed s&nbsp;v\u011b\u017ei\u010dkou a mal\u00fdm zvonem. Interi\u00e9r tvo\u0159il \u010dty\u0159\u00faheln\u00edk o \u010dty\u0159ech loktech d\u00e9lky a \u0161\u00ed\u0159ky, v\u00fd\u0161ka klenby byla p\u011bt lokt\u016f. Vchod do kaple byl uprost\u0159ed jej\u00ed z\u00e1padn\u00ed st\u011bny, od kter\u00e9 byl viditeln\u00fd obraz sv. V\u00e1clava. Od vysv\u011bcen\u00ed kaple v&nbsp;roce 1639 se zde konaly pout\u011b a\u017e do konce 2. sv\u011btov\u00e9 v\u00e1lky.&nbsp; Jist\u011b v\u0161ak je, \u017ee kapli\u010dka byla zcela odstran\u011bna za komunistick\u00e9ho re\u017eimu, \u00fadajn\u011b proto, \u017ee jej\u00ed st\u011bny naru\u0161ovaly ko\u0159eny sousedn\u00ed l\u00edpy. Po listopadu 1989 vyslovil akad. arch. Ivan Nosek, kter\u00fd p\u016fvodn\u00ed kapli\u010dku je\u0161t\u011b pamatuje spolu s&nbsp;n\u011bkter\u00fdmi ob\u010dany p\u0159\u00e1n\u00ed, kapli\u010dku znovu postavit. V\u0161ichni se shodli na tom, \u017ee sp\u00ed\u0161e ne\u017e kop\u00edrovat zaniklou stavbu, bude \u00fa\u010deln\u00e9 vybudovat \u00fapln\u011b nov\u00fd objekt. V&nbsp;roce 1994 byly zah\u00e1jeny prvn\u00ed stavebn\u00ed pr\u00e1ce, ale cel\u00fd proces financov\u00e1n\u00ed stavby nebyl jednoduch\u00fd. V&nbsp;roce 1998 bylo zalo\u017eeno Ob\u010dansk\u00e9 sdru\u017een\u00ed pro v\u00fdstavbu kapli\u010dky a zveleben\u00ed n\u00e1vsi v&nbsp;B\u00edlce pod Mile\u0161ovkou, kter\u00e9 v&nbsp;n\u00e1sleduj\u00edc\u00ed f\u00e1zi sehr\u00e1lo nejd\u016fle\u017eit\u011bj\u0161\u00ed stmeluj\u00edc\u00ed roli.<\/p>\n<p><img loading=\"lazy\" decoding=\"async\" class=\"size-medium wp-image-209 aligncenter\" src=\"http:\/\/spolek-bilka.cz\/wp-content\/uploads\/2017\/07\/IMG_6085-300x225.jpg\" alt=\"\" width=\"300\" height=\"225\">Realizace Kaple sv. V\u00e1clava v&nbsp;B\u00edlce pod Mile\u0161ovkou trvala od roku 1996 \u2013 2000 a dne 30. 9. 2000 byla vysv\u011bcena litom\u011b\u0159ick\u00fdm biskupem Msgr. Josefem Kouklem a p\u0159ed\u00e1na slavnostn\u011b ve\u0159ejnosti<\/p>\n<p>&nbsp;(text Pavel Koukal)<\/p>\n<p>&nbsp;<\/p>\n<p><strong>Odborn\u00ed sponzo\u0159i<\/strong><\/p>\n<p>Bruncl\u00edk Jind\u0159ich ing. <em>B\u00edlina <\/em>\u2013 Jaku\u0161eva-Koblasov\u00e1 Sofia <em>Hamburg\/NSR- <\/em>Jav\u016frek Ji\u0159\u00ed Akad.arch. <em>Praha <\/em>\u2013 Jedli\u010dka Miroslav <em>Teplice<\/em> \u2013 Kl\u00e1nov\u00e1 Ludmila Mgr. <em>B\u00edlka<\/em> \u2013 Koblasa Jan Prof. <em>Hamburg\/NSR<\/em> \u2013 Kymli\u010dka Milan <em>Praha<\/em> \u2013 Macek Jaroslav PhDr.<em> Litom\u011b\u0159ice<\/em> \u2013 Nosek Ivan Akad.arch.<em> Praha<\/em> \u2013 Nosek Filip Cand-Arch. <em>Aachen\/NSR<\/em> \u2013 Novotn\u00fd Milo\u0161 <em>Teplice<\/em>&nbsp; &#8211; Valenta Zden\u011bk <em>Teplice<\/em><\/p>\n<p><em>&nbsp;<\/em><\/p>\n<p><strong>Sv\u00e9pomocn\u00e9 pr\u00e1ce<\/strong><\/p>\n<p>Ob\u010dan\u00e9 B\u00edlky a Bo\u0159islavi \u2013 chata\u0159i \u2013 chalup\u00e1\u0159i<\/p>\n<p>&nbsp;<\/p>\n<p><strong>Podniky pod\u00edlej\u00edc\u00ed se na v\u00fdstavb\u011b <\/strong><\/p>\n<p>Krej\u010d\u00edk+Bartes stav. Pr\u00e1ce <em>Probo\u0161tov<\/em> \u2013 Pavlas stav. Pr\u00e1ce <em>Rtyn\u011b n. Bilinou<\/em> \u2013 Spole\u010dnost Genia Loci truhl\u00e1\u0159sk\u00e9 pr\u00e1ce <em>Praha <\/em>\u2013 Dan\u011bk + Slabjar pokr. pr\u00e1ce <em>Teplice<\/em> \u2013 Zu\u0161lecht\u011bn\u00e9 sklo <em>Teplice <\/em>\u2013 Faigl zvon <em>Kostomlaty <\/em>\u2013 Fa. Tvrzan zemn\u00ed pr\u00e1ce <em>B\u00edlka<\/em> \u2013 Autodoprava Na\u0161tick\u00fd L. <em>Teplice<\/em> \u2013 Autodoprava Na\u0161tick\u00fd \u0160. <em>Lelov<\/em><\/p>\n<p><em>&nbsp;<\/em><\/p>\n<p><strong>Podpora a spolupr\u00e1ce<\/strong><\/p>\n<p>Obecn\u00ed \u00fa\u0159ad Bo\u0159islav \u2013 Okresn\u00ed \u00fa\u0159ad Teplice \u2013 M\u011bstsk\u00fd \u00fa\u0159ad Teplice&nbsp; &#8211; Spr\u00e1va chr\u00e1n\u011bn\u00e9 oblasti \u010cesk\u00e9ho st\u0159edoho\u0159\u00ed v&nbsp;Litom\u011b\u0159ic\u00edch \u2013 Biskupstv\u00ed litom\u011b\u0159ick\u00e9<\/p>\n<p>&nbsp;<\/p>\n<p><strong>Ob\u010dansk\u00e9 sdru\u017een\u00ed<\/strong><\/p>\n<p>Zakl\u00e1daj\u00edc\u00ed \u010dlenov\u00e9:&nbsp;<br>Miroslav Jedli\u010dka, Jana Jedli\u010dkov\u00e1, Kate\u0159ina Na\u0161tick\u00e1, Franti\u0161ek Mokr\u00e1\u010dek, pan\u00ed Mokr\u00e1\u010dkov\u00e1, Wasil Pitovka, pan\u00ed Pitovkov\u00e1, Julie Noskov\u00e1,&nbsp;<br>Karel Nosek, Pavel \u0160temprok, Ivana \u0160temprokov\u00e1, Ludmila Kl\u00e1nov\u00e1, Irena Noskov\u00e1, Ivan Nosek&nbsp;<\/p>\n<p>&nbsp;<\/p>\n\n\n<p><\/p>\n","protected":false},"excerpt":{"rendered":"<p>&nbsp; V&nbsp;roce 1639 byla vystav\u011bna kapli\u010dka, zasv\u011bcen\u00e1 sv. V\u00e1clavu. Nevydr\u017eela v\u0161ak ani 100 let. V&nbsp;roce 1736 byla tak t\u011b\u017ece po\u0161kozena, \u017ee musela b\u00fdt nahrazena novou obecn\u00ed kapl\u00ed s&nbsp;v\u011b\u017ei\u010dkou a mal\u00fdm zvonem. Interi\u00e9r tvo\u0159il \u010dty\u0159\u00faheln\u00edk o \u010dty\u0159ech loktech d\u00e9lky a \u0161\u00ed\u0159ky, v\u00fd\u0161ka klenby byla p\u011bt lokt\u016f. Vchod do kaple byl uprost\u0159ed jej\u00ed z\u00e1padn\u00ed st\u011bny, od kter\u00e9 &hellip; <a href=\"https:\/\/spolek-bilka.cz\/uvod\/216-2\/\" class=\"more-link\">Pokra\u010dov\u00e1n\u00ed textu <span class=\"screen-reader-text\">Kaple sv. V\u00e1clava<\/span><\/a><\/p>\n","protected":false},"author":1,"featured_media":219,"parent":0,"menu_order":0,"comment_status":"closed","ping_status":"closed","template":"","meta":{"ngg_post_thumbnail":0,"footnotes":""},"class_list":["post-216","page","type-page","status-publish","has-post-thumbnail","hentry"],"_links":{"self":[{"href":"https:\/\/spolek-bilka.cz\/uvod\/wp-json\/wp\/v2\/pages\/216","targetHints":{"allow":["GET"]}}],"collection":[{"href":"https:\/\/spolek-bilka.cz\/uvod\/wp-json\/wp\/v2\/pages"}],"about":[{"href":"https:\/\/spolek-bilka.cz\/uvod\/wp-json\/wp\/v2\/types\/page"}],"author":[{"embeddable":true,"href":"https:\/\/spolek-bilka.cz\/uvod\/wp-json\/wp\/v2\/users\/1"}],"replies":[{"embeddable":true,"href":"https:\/\/spolek-bilka.cz\/uvod\/wp-json\/wp\/v2\/comments?post=216"}],"version-history":[{"count":9,"href":"https:\/\/spolek-bilka.cz\/uvod\/wp-json\/wp\/v2\/pages\/216\/revisions"}],"predecessor-version":[{"id":679,"href":"https:\/\/spolek-bilka.cz\/uvod\/wp-json\/wp\/v2\/pages\/216\/revisions\/679"}],"wp:featuredmedia":[{"embeddable":true,"href":"https:\/\/spolek-bilka.cz\/uvod\/wp-json\/wp\/v2\/media\/219"}],"wp:attachment":[{"href":"https:\/\/spolek-bilka.cz\/uvod\/wp-json\/wp\/v2\/media?parent=216"}],"curies":[{"name":"wp","href":"https:\/\/api.w.org\/{rel}","templated":true}]}}